{"id":28774,"date":"2019-09-30T16:53:18","date_gmt":"2019-09-30T16:53:18","guid":{"rendered":"http:\/\/cadernos.catedra-alberto-benveniste.org\/latest-issue\/"},"modified":"2021-04-06T13:00:23","modified_gmt":"2021-04-06T13:00:23","slug":"latest-issue","status":"publish","type":"page","link":"https:\/\/cadernos.catedra-alberto-benveniste.org\/en\/latest-issue\/","title":{"rendered":"Latest issue"},"content":{"rendered":"<p>[et_pb_section fb_built=&#8221;1&#8243; admin_label=&#8221;Hero Section&#8221; _builder_version=&#8221;3.22&#8243; background_color=&#8221;#eaeaea&#8221; background_color_gradient_direction=&#8221;131deg&#8221; background_image=&#8221;https:\/\/cadernos.catedra-alberto-benveniste.org\/wp-content\/uploads\/2018\/04\/Textura-2.jpg&#8221; custom_margin=&#8221;||50px|&#8221; custom_padding=&#8221;50px||0px|&#8221; animation_direction=&#8221;top&#8221; box_shadow_style=&#8221;preset7&#8243; box_shadow_horizontal=&#8221;0px&#8221; box_shadow_vertical=&#8221;-80px&#8221; box_shadow_color=&#8221;#ffffff&#8221; locked=&#8221;off&#8221;][et_pb_row column_structure=&#8221;1_2,1_2&#8243; _builder_version=&#8221;3.25&#8243; background_size=&#8221;initial&#8221; background_position=&#8221;top_left&#8221; background_repeat=&#8221;repeat&#8221; custom_padding=&#8221;0|0px|0|0px&#8221; hover_enabled=&#8221;0&#8243; custom_width_px=&#8221;1440px&#8221; sticky_enabled=&#8221;0&#8243;][et_pb_column type=&#8221;1_2&#8243; _builder_version=&#8221;3.25&#8243; custom_padding=&#8221;|||&#8221; custom_padding__hover=&#8221;|||&#8221;][et_pb_text admin_label=&#8221;Cadernos Estudos Sefarditas (ano de edi\u00e7\u00e3o)&#8221; _builder_version=&#8221;4.9.2&#8243; text_font=&#8221;|||on|||||&#8221; text_font_size=&#8221;12px&#8221; text_letter_spacing=&#8221;1px&#8221; custom_margin=&#8221;-30px|||&#8221; custom_padding=&#8221;|||&#8221; hover_enabled=&#8221;0&#8243; sticky_enabled=&#8221;0&#8243;]<\/p>\n<h4>Cadernos de Estudos Sefarditas<\/h4>\n<p>2nd Semester 2020<\/p>\n<p>[\/et_pb_text][et_pb_divider show_divider=&#8221;off&#8221; disabled_on=&#8221;on|on|off&#8221; _builder_version=&#8221;3.2&#8243; max_width=&#8221;80px&#8221; module_alignment=&#8221;left&#8221; height=&#8221;10px&#8221; custom_margin=&#8221;||20px|&#8221; animation_direction=&#8221;bottom&#8221; saved_tabs=&#8221;all&#8221; locked=&#8221;off&#8221;][\/et_pb_divider][et_pb_text admin_label=&#8221;N\u00famero&#8221; _builder_version=&#8221;3.27.4&#8243; header_font=&#8221;|300|||||||&#8221; header_font_size=&#8221;100px&#8221; custom_padding=&#8221;20px|||&#8221;]<\/p>\n<h1>23<\/h1>\n<p>[\/et_pb_text][\/et_pb_column][et_pb_column type=&#8221;1_2&#8243; _builder_version=&#8221;3.25&#8243; custom_padding=&#8221;|||&#8221; custom_padding__hover=&#8221;|||&#8221;][et_pb_image src=&#8221;https:\/\/cadernos.catedra-alberto-benveniste.org\/wp-content\/uploads\/2021\/03\/CESAB-Cadernos-n23-2sem2020-capa-WEB.jpg&#8221; title_text=&#8221;CESAB-Cadernos-n23-2sem2020-capa-WEB&#8221; align=&#8221;right&#8221; align_tablet=&#8221;center&#8221; align_phone=&#8221;&#8221; align_last_edited=&#8221;on|desktop&#8221; admin_label=&#8221;Capa&#8221; _builder_version=&#8221;4.9.2&#8243; max_width=&#8221;75%&#8221; custom_margin=&#8221;|||&#8221; custom_padding=&#8221;|||&#8221; animation_direction=&#8221;top&#8221; box_shadow_style=&#8221;preset1&#8243; box_shadow_color=&#8221;rgba(0,0,0,0.42)&#8221;][\/et_pb_image][\/et_pb_column][\/et_pb_row][\/et_pb_section][et_pb_section fb_built=&#8221;1&#8243; _builder_version=&#8221;3.22&#8243; custom_padding=&#8221;0|4px|54px|0px||&#8221;][et_pb_row column_structure=&#8221;3_4,1_4&#8243; admin_label=&#8221;Row&#8221; _builder_version=&#8221;4.4.2&#8243; background_size=&#8221;initial&#8221; background_position=&#8221;top_left&#8221; background_repeat=&#8221;repeat&#8221; custom_padding=&#8221;25px|||||&#8221;][et_pb_column type=&#8221;3_4&#8243; _builder_version=&#8221;3.25&#8243; custom_padding=&#8221;|||&#8221; custom_padding__hover=&#8221;|||&#8221;][et_pb_text admin_label=&#8221;Maria de Fatima Reis Nota Editorial&#8221; _builder_version=&#8221;4.9.2&#8243; custom_margin=&#8221;-30px|||&#8221; custom_padding=&#8221;0px|||&#8221;]<\/p>\n<h5>Maria de F\u00e1tima Reis \u2013 Editorial<\/h5>\n<p><span class=\"ref-bibliografica\">Cadernos de Estudos Sefarditas 23 (2020): 7-8<\/span><\/p>\n<hr>\n<p>[\/et_pb_text][et_pb_text admin_label=&#8221;Parte I Artigos Francois&#8221; _builder_version=&#8221;4.9.2&#8243; custom_margin=&#8221;-30px|||&#8221; custom_padding=&#8221;0px|||&#8221; hover_enabled=&#8221;0&#8243; sticky_enabled=&#8221;0&#8243;]<\/p>\n<h2><\/h2>\n<h2><\/h2>\n<h2>Part I: Articles<\/h2>\n<h5>Aitor Garc\u00eda Moreno (ILC-CSIC \/ IUMP)\u2013 The Spanish Civil War and the Sephardic printing press: the case of the journal Acci\u00f3n de Sal\u00f3nica<\/h5>\n<p><span class=\"ref-bibliografica\"> Cadernos de Estudos Sefarditas 23 (2020): 11-46<\/span><\/p>\n<p class=\"palavras-chave-header\">keywords<\/p>\n<p class=\"palavras-chave\"><span>Sephardic Studies; Spanish Civil War; Judeo-Spanish Press; news; propaganda<\/span><\/p>\n<p>[\/et_pb_text][et_pb_toggle title=&#8221;abstract&#8221; open_toggle_text_color=&#8221;#000000&#8243; open_toggle_background_color=&#8221;#ffffff&#8221; closed_toggle_text_color=&#8221;#000000&#8243; closed_toggle_background_color=&#8221;#ffffff&#8221; icon_color=&#8221;#b2b2b2&#8243; admin_label=&#8221;Resumo&#8221; _builder_version=&#8221;4.9.2&#8243; title_text_color=&#8221;#6b6b6b&#8221; title_level=&#8221;h6&#8243; title_font=&#8221;|600||on|||||&#8221; title_font_size=&#8221;12&#8243; title_letter_spacing=&#8221;1px&#8221; body_font=&#8221;Open Sans||||&#8221; body_text_color=&#8221;#666666&#8243; use_background_color_gradient=&#8221;on&#8221; background_color_gradient_start=&#8221;#ffffff&#8221; background_color_gradient_end=&#8221;#f9f9f9&#8243; background_color_gradient_start_position=&#8221;20%&#8221; background_size=&#8221;initial&#8221; background_position=&#8221;top_left&#8221; background_repeat=&#8221;repeat&#8221; custom_padding=&#8221;10px|10px|10px|10px&#8221; hover_enabled=&#8221;0&#8243; title_font_size_last_edited=&#8221;off|desktop&#8221; custom_css_toggle_icon=&#8221;font-size:20px;||&#8221; border_width_all=&#8221;0px&#8221; border_color_all=&#8221;#f7f7f7&#8243; border_color_top=&#8221;#d1d1d1&#8243; border_width_bottom=&#8221;1px&#8221; border_color_bottom=&#8221;#b2b2b2&#8243; use_border_color=&#8221;on&#8221; sticky_enabled=&#8221;0&#8243;]<\/p>\n<p><span>Todos los trabajos sobre la recepci\u00f3n de la actualidad pol\u00edtica y social de la Espa\u00f1a contempor\u00e1nea en la prensa sefard\u00ed realizados hasta la fecha, muestran un escaso inter\u00e9s por nuestro pa\u00eds. Sin embargo, el inicio de la Guerra Civil Espa\u00f1ola marca un dr\u00e1stico cambio de tendencia, como atestiguan los m\u00e1s de 800 textos publicados entre 1936 y 1939 sacados del peri\u00f3dico salonicense en judeoespa\u00f1ol aljamiado Acci\u00f3n, que presentamos y estudiamos en este trabajo. From the analysis of their content, and of the sources of information and posture of the newspaper, it is concluded that the \u201csudden\u201d interest of the Sephardim in Spain is far from being due to some kind of sentimental or identity connection, but is determined by the relevance of the Spanish war conflict in the European geopolitical context of the moment.<\/span><\/p>\n<p>[\/et_pb_toggle][et_pb_text admin_label=&#8221;Elissa&#8221; _builder_version=&#8221;4.9.2&#8243; custom_margin=&#8221;-30px|||&#8221; custom_padding=&#8221;0px|||&#8221;]<\/p>\n<h5>Armin Langer (Department of Social Sciences, Humboldt University of Berlin; Reconstructionist Rabbinical College) \u2013 Adapting to Protestant Norms and American Republicanism: Jewish Integration in the Late Colonial and Early United States Periods on the Example of New York Congregation Shearith Israel<\/h5>\n<p><span class=\"ref-bibliografica\">Cadernos de Estudos Sefarditas 23 (2020): 47-68<\/span><\/p>\n<p class=\"palavras-chave-header\">keywords<\/p>\n<p class=\"palavras-chave\">New York; Sephardic Jews; acculturation; Protestantism; secularization<\/p>\n<p>[\/et_pb_text][et_pb_toggle title=&#8221;abstract&#8221; open_toggle_text_color=&#8221;#000000&#8243; open_toggle_background_color=&#8221;#ffffff&#8221; closed_toggle_text_color=&#8221;#000000&#8243; closed_toggle_background_color=&#8221;#ffffff&#8221; icon_color=&#8221;#b2b2b2&#8243; admin_label=&#8221;Resumo&#8221; _builder_version=&#8221;4.4.2&#8243; title_text_color=&#8221;#6b6b6b&#8221; title_level=&#8221;h6&#8243; title_font=&#8221;|600||on|||||&#8221; title_font_size=&#8221;12&#8243; title_letter_spacing=&#8221;1px&#8221; body_font=&#8221;Open Sans||||&#8221; body_text_color=&#8221;#666666&#8243; use_background_color_gradient=&#8221;on&#8221; background_color_gradient_start=&#8221;#ffffff&#8221; background_color_gradient_end=&#8221;#f9f9f9&#8243; background_color_gradient_start_position=&#8221;20%&#8221; background_size=&#8221;initial&#8221; background_position=&#8221;top_left&#8221; background_repeat=&#8221;repeat&#8221; custom_padding=&#8221;10px|10px|10px|10px&#8221; hover_enabled=&#8221;0&#8243; title_font_size_last_edited=&#8221;off|desktop&#8221; custom_css_toggle_icon=&#8221;font-size:20px;||&#8221; border_width_all=&#8221;0px&#8221; border_color_all=&#8221;#f7f7f7&#8243; border_color_top=&#8221;#d1d1d1&#8243; border_width_bottom=&#8221;1px&#8221; border_color_bottom=&#8221;#b2b2b2&#8243; use_border_color=&#8221;on&#8221; sticky_enabled=&#8221;0&#8243;]<\/p>\n<p><span>The history of New York City\u2019s Sephardic Jewish community Shearith Israel dates back to the year of 1654. For decades, the community lived in legal separation within a framework of the traditional Jewish kahal structure. This changed after the 1777 disestablishment of the Church of England as New York\u2019s state church. In the revolutionary era, American lawmakers introduced a series of acts and constitutions which regulated the structures of religious communities. This paper will present the development of Shearith Israel before its 1784 incorporation and in its aftermath, the conflicts that arose from the community\u2019s incorporation and the benefits as well. The article will also look into the biography and sermons of the community\u2019s spiritual leader, Gershom Mendes Seixas whose life changed dramatically after the 1784 incorporation. All of these events will be evaluated from a perspective of integration research. The article will show how Shearith Israel and Gershom Mendes Seixas acculturated to post-disestablishment Protestant norms and American Republicanism.<\/span><\/p>\n<p>[\/et_pb_toggle][et_pb_text admin_label=&#8221;Ohana&#8221; _builder_version=&#8221;4.9.2&#8243; custom_margin=&#8221;-30px|||&#8221; custom_padding=&#8221;0px|||&#8221; hover_enabled=&#8221;0&#8243; sticky_enabled=&#8221;0&#8243;]<\/p>\n<h2><\/h2>\n<h2><\/h2>\n<h2>Part II: Chronicles<\/h2>\n<h5>Angelo Adriano Faria de Assis (Universidade Federal de Vi\u00e7osa) \u2013 Simp\u00f3sio Virtual Internacional de Hist\u00f3ria Moderna<\/h5>\n<p><span class=\"ref-bibliografica\">Cadernos de Estudos Sefarditas 23 (2020): 71-76<\/span>[\/et_pb_text][et_pb_text admin_label=&#8221;Assis&#8221; _builder_version=&#8221;4.9.2&#8243; custom_margin=&#8221;-30px|||&#8221; custom_padding=&#8221;0px|||&#8221; hover_enabled=&#8221;0&#8243; sticky_enabled=&#8221;0&#8243;]<\/p>\n<h2><\/h2>\n<h5>Ignacio Chuecas Sald\u00edas (Universidad Finis Terrae) e Susana Bastos Mateus (CESAB-FLUL; CIDEHUS-U\u00c9vora; CEHR-UCP) \u2013 Praying to the God of Israel according to the Portuguese Tradition (16th-18th centuries)<\/h5>\n<p><span class=\"ref-bibliografica\">Cadernos de Estudos Sefarditas 23 (2020): 77-78<\/span><\/p>\n<p>[\/et_pb_text][et_pb_text admin_label=&#8221;Assis&#8221; _builder_version=&#8221;4.9.2&#8243; custom_margin=&#8221;-30px|||&#8221; custom_padding=&#8221;0px|||&#8221; hover_enabled=&#8221;0&#8243; sticky_enabled=&#8221;0&#8243;]<\/p>\n<h2><\/h2>\n<h5>Carla Vieira (CHAM-NOVA FCSH; CESAB-FLUL) \u2013 Western Sephardic Diaspora Roadmap: mapping a documentary diaspora<\/h5>\n<p><span class=\"ref-bibliografica\">Cadernos de Estudos Sefarditas 23 (2020): 79-81<\/span><\/p>\n<p>[\/et_pb_text][et_pb_text admin_label=&#8221;Ohana&#8221; _builder_version=&#8221;4.9.2&#8243; custom_margin=&#8221;-30px|||&#8221; custom_padding=&#8221;0px|||&#8221; hover_enabled=&#8221;0&#8243; sticky_enabled=&#8221;0&#8243;]<\/p>\n<h2><\/h2>\n<h2><\/h2>\n<h2>Part III: Reviews<\/h2>\n<h5>Susana Bastos Mateus (CESAB-FLUL; CIDEHUS-U\u00c9vora; CEHR-UCP) \u2013 Mercedes Garc\u00eda-Arenal &amp; Gerard Wiegers,<em><span> <\/span>Polemical Encounters. Christians, Jews, and Muslims in Iberia and Beyond, Iberian Encounters and Exchange, 475-1755<\/em><span> <\/span>(University Park: The Pennsylvania State University Press, 2019)<\/h5>\n<p><span style=\"font-size: 10pt;\"><span class=\"ref-bibliografica\">Cadernos de Estudos Sefarditas 23 (2020): 85-88<\/span><\/span><\/p>\n<p class=\"palavras-chave\">\n<p>[\/et_pb_text][et_pb_text admin_label=&#8221;Assis&#8221; _builder_version=&#8221;4.9.2&#8243; custom_margin=&#8221;-30px|||&#8221; custom_padding=&#8221;0px|||&#8221; hover_enabled=&#8221;0&#8243; sticky_enabled=&#8221;0&#8243;]<\/p>\n<h2><\/h2>\n<h5><span>Carla Vieira (CHAM-NOVA FCSH; CESAB-FLUL) \u2013 Sarah Abrevaya Stein,<\/span> <em>Family Papers: A Sephardic Journey Through the Twentieth Century<\/em> <span>(New York: Farrar, Straus and Giroux, 2019)<\/span><\/h5>\n<p><span class=\"ref-bibliografica\">Cadernos de Estudos Sefarditas 23 (2020): 88-92<\/span><\/p>\n<p>[\/et_pb_text][\/et_pb_column][et_pb_column type=&#8221;1_4&#8243; _builder_version=&#8221;3.25&#8243; custom_padding=&#8221;|||&#8221; custom_padding__hover=&#8221;|||&#8221;][et_pb_sidebar area=&#8221;et_pb_widget_area_3&#8243; show_border=&#8221;off&#8221; admin_label=&#8221;numeros anteriores Sidebar&#8221; _builder_version=&#8221;4.4.2&#8243; header_font=&#8221;||||||||&#8221; custom_margin=&#8221;-20|||&#8221; custom_padding=&#8221;|||&#8221; hover_enabled=&#8221;0&#8243; global_module=&#8221;820&#8243; saved_tabs=&#8221;all&#8221; sticky_enabled=&#8221;0&#8243;][\/et_pb_sidebar][\/et_pb_column][\/et_pb_row][\/et_pb_section]<\/p>\n","protected":false},"excerpt":{"rendered":"<p>Cadernos de Estudos Sefarditas 2nd Semester 202023Maria de F\u00e1tima Reis \u2013 Editorial Cadernos de Estudos Sefarditas 23 (2020): 7-8 Part I: Articles Aitor Garc\u00eda Moreno (ILC-CSIC \/ IUMP)\u2013 The Spanish Civil War and the Sephardic printing press: the case of the journal Acci\u00f3n de Sal\u00f3nica Cadernos de Estudos Sefarditas 23 (2020): 11-46 keywords Sephardic Studies; [&hellip;]<\/p>\n","protected":false},"author":1,"featured_media":0,"parent":0,"menu_order":0,"comment_status":"closed","ping_status":"closed","template":"","meta":{"_et_pb_use_builder":"on","_et_pb_old_content":"","_et_gb_content_width":"","footnotes":""},"class_list":["post-28774","page","type-page","status-publish","hentry"],"_links":{"self":[{"href":"https:\/\/cadernos.catedra-alberto-benveniste.org\/en\/wp-json\/wp\/v2\/pages\/28774","targetHints":{"allow":["GET"]}}],"collection":[{"href":"https:\/\/cadernos.catedra-alberto-benveniste.org\/en\/wp-json\/wp\/v2\/pages"}],"about":[{"href":"https:\/\/cadernos.catedra-alberto-benveniste.org\/en\/wp-json\/wp\/v2\/types\/page"}],"author":[{"embeddable":true,"href":"https:\/\/cadernos.catedra-alberto-benveniste.org\/en\/wp-json\/wp\/v2\/users\/1"}],"replies":[{"embeddable":true,"href":"https:\/\/cadernos.catedra-alberto-benveniste.org\/en\/wp-json\/wp\/v2\/comments?post=28774"}],"version-history":[{"count":24,"href":"https:\/\/cadernos.catedra-alberto-benveniste.org\/en\/wp-json\/wp\/v2\/pages\/28774\/revisions"}],"predecessor-version":[{"id":29555,"href":"https:\/\/cadernos.catedra-alberto-benveniste.org\/en\/wp-json\/wp\/v2\/pages\/28774\/revisions\/29555"}],"wp:attachment":[{"href":"https:\/\/cadernos.catedra-alberto-benveniste.org\/en\/wp-json\/wp\/v2\/media?parent=28774"}],"curies":[{"name":"wp","href":"https:\/\/api.w.org\/{rel}","templated":true}]}}