{"id":28790,"date":"2019-10-03T14:59:24","date_gmt":"2019-10-03T14:59:24","guid":{"rendered":"http:\/\/cadernos.catedra-alberto-benveniste.org\/about-cadernos\/editorial-board\/"},"modified":"2020-04-17T21:27:50","modified_gmt":"2020-04-17T21:27:50","slug":"editorial-board","status":"publish","type":"page","link":"https:\/\/cadernos.catedra-alberto-benveniste.org\/en\/about-cadernos\/editorial-board\/","title":{"rendered":"Editorial board"},"content":{"rendered":"<p>[et_pb_section fb_built=&#8221;1&#8243; admin_label=&#8221;section&#8221; _builder_version=&#8221;3.22&#8243; background_color=&#8221;#00549f&#8221; background_color_gradient_direction=&#8221;239deg&#8221; custom_padding=&#8221;0px||50px|&#8221;][et_pb_row use_custom_gutter=&#8221;on&#8221; gutter_width=&#8221;1&#8243; column_padding_mobile=&#8221;on&#8221; custom_padding_last_edited=&#8221;on|desktop&#8221; admin_label=&#8221;row&#8221; module_class=&#8221; et_pb_row_fullwidth&#8221; _builder_version=&#8221;3.25&#8243; background_size=&#8221;initial&#8221; background_position=&#8221;top_left&#8221; background_repeat=&#8221;repeat&#8221; width=&#8221;100%&#8221; width_tablet=&#8221;100%&#8221; width_phone=&#8221;&#8221; width_last_edited=&#8221;on|desktop&#8221; max_width=&#8221;100%&#8221; max_width_tablet=&#8221;100%&#8221; max_width_phone=&#8221;&#8221; max_width_last_edited=&#8221;on|desktop&#8221; custom_padding=&#8221;0px||0px|&#8221; custom_padding_tablet=&#8221;&#8221; custom_padding_phone=&#8221;0px||5px|&#8221; make_fullwidth=&#8221;on&#8221;][et_pb_column type=&#8221;4_4&#8243; _builder_version=&#8221;3.25&#8243; custom_padding=&#8221;|||&#8221; custom_padding__hover=&#8221;|||&#8221;][et_pb_image src=&#8221;https:\/\/cadernos.catedra-alberto-benveniste.org\/wp-content\/uploads\/2018\/05\/imagem-top-1.jpg&#8221; show_bottom_space=&#8221;off&#8221; align=&#8221;center&#8221; align_tablet=&#8221;center&#8221; align_phone=&#8221;&#8221; align_last_edited=&#8221;on|desktop&#8221; admin_label=&#8221;Foto \/ com Editorial&#8221; _builder_version=&#8221;3.23&#8243; custom_margin=&#8221;0px|||&#8221; custom_margin_tablet=&#8221;&#8221; custom_margin_phone=&#8221;&#8221; custom_margin_last_edited=&#8221;on|desktop&#8221; use_border_color=&#8221;off&#8221;][\/et_pb_image][\/et_pb_column][\/et_pb_row][et_pb_row custom_padding_last_edited=&#8221;on|desktop&#8221; _builder_version=&#8221;3.25&#8243; background_size=&#8221;initial&#8221; background_position=&#8221;top_left&#8221; background_repeat=&#8221;repeat&#8221; custom_margin=&#8221;||-54px|&#8221; custom_margin_tablet=&#8221;||0px|&#8221; custom_margin_phone=&#8221;||0px|&#8221; custom_margin_last_edited=&#8221;on|tablet&#8221; custom_padding=&#8221;|||&#8221; custom_padding_tablet=&#8221;&#8221; custom_padding_phone=&#8221;&#8221;][et_pb_column type=&#8221;4_4&#8243; _builder_version=&#8221;3.25&#8243; custom_padding=&#8221;|||&#8221; custom_padding__hover=&#8221;|||&#8221;][et_pb_text admin_label=&#8221;T\u00edtulo \/ Comiss\u00e3o Editorial&#8221; _builder_version=&#8221;3.27.4&#8243; text_font_size=&#8221;10em&#8221; text_line_height=&#8221;1.2em&#8221; background_size=&#8221;initial&#8221; background_position=&#8221;top_left&#8221; background_repeat=&#8221;repeat&#8221; max_width_tablet=&#8221;&#8221; max_width_phone=&#8221;&#8221; max_width_last_edited=&#8221;on|desktop&#8221; module_alignment=&#8221;center&#8221; custom_margin_tablet=&#8221;&#8221; custom_margin_phone=&#8221;&#8221; custom_margin_last_edited=&#8221;on|phone&#8221; text_font_size_tablet=&#8221;8em&#8221; text_font_size_phone=&#8221;5em&#8221; text_font_size_last_edited=&#8221;on|desktop&#8221; header_font_size_tablet=&#8221;&#8221; header_font_size_phone=&#8221;&#8221; header_font_size_last_edited=&#8221;on|desktop&#8221; header_letter_spacing_tablet=&#8221;&#8221; header_letter_spacing_phone=&#8221;&#8221; header_letter_spacing_last_edited=&#8221;on|tablet&#8221; border_color_all=&#8221;#ffffff&#8221; use_border_color=&#8221;off&#8221;]<\/p>\n<h1>Editorial board<\/h1>\n<p>[\/et_pb_text][et_pb_text admin_label=&#8221;Texto Intro&#8221; _builder_version=&#8221;3.27.4&#8243; background_layout=&#8221;dark&#8221; max_width=&#8221;850px&#8221; custom_padding=&#8221;15px||10px|110px&#8221; custom_padding_tablet=&#8221;0px||0px|0px&#8221; custom_padding_phone=&#8221;&#8221; custom_padding_last_edited=&#8221;on|desktop&#8221;]<\/p>\n<p>The editorial board is composed of the Director of the C\u00e1tedra de Estudos Sefarditas Alberto Benveniste (Center for Sephardic Studies Alberto Benveniste) and three editors, who are responsible for the first selection of the journal content, the definition of its structure and the monitoring of the evaluation process of the submitted papers. The editorial board monitors the entire editorial process, from defining the thematic scope of each issue and scheduling calls for papers to following the evaluation process of the submitted papers, as well as the graphical conception and printing of the journal.<\/p>\n<p>[\/et_pb_text][\/et_pb_column][\/et_pb_row][\/et_pb_section][et_pb_section fb_built=&#8221;1&#8243; _builder_version=&#8221;3.22&#8243; background_position=&#8221;top_left&#8221; max_width_tablet=&#8221;&#8221; max_width_phone=&#8221;&#8221; max_width_last_edited=&#8221;on|desktop&#8221; module_alignment=&#8221;center&#8221; custom_padding=&#8221;100px|0|47.90625px|0px&#8221;][et_pb_row column_structure=&#8221;1_2,1_2&#8243; use_custom_gutter=&#8221;on&#8221; make_equal=&#8221;on&#8221; custom_padding_last_edited=&#8221;off|&#8221; _builder_version=&#8221;3.25&#8243; background_position=&#8221;top_left&#8221; max_width=&#8221;850px&#8221; custom_margin=&#8221;|||&#8221; custom_margin_tablet=&#8221;&#8221; custom_margin_phone=&#8221;&#8221; custom_margin_last_edited=&#8221;on|desktop&#8221; custom_padding=&#8221;0|0px|40px|0px|false|false&#8221; border_color_all=&#8221;#d3d3d3&#8243; use_custom_width=&#8221;on&#8221; custom_width_px=&#8221;850px&#8221;][et_pb_column type=&#8221;1_2&#8243; _builder_version=&#8221;3.25&#8243; custom_padding=&#8221;|||&#8221; custom_padding__hover=&#8221;|||&#8221;][et_pb_image src=&#8221;https:\/\/cadernos.catedra-alberto-benveniste.org\/wp-content\/uploads\/2018\/05\/comissao-editorial-direcao-Maria-de-Fatima-Reis.jpg&#8221; show_bottom_space=&#8221;off&#8221; force_fullwidth=&#8221;on&#8221; admin_label=&#8221;Diretora MFR \/ FOTO&#8221; _builder_version=&#8221;3.23&#8243; custom_margin_tablet=&#8221;&#8221; custom_margin_phone=&#8221;|0px||0px&#8221; custom_margin_last_edited=&#8221;on|phone&#8221; custom_padding=&#8221;0px|0px|0px|0px&#8221; custom_padding_tablet=&#8221;&#8221; custom_padding_phone=&#8221;&#8221; custom_padding_last_edited=&#8221;on|desktop&#8221; always_center_on_mobile=&#8221;off&#8221;][\/et_pb_image][\/et_pb_column][et_pb_column type=&#8221;1_2&#8243; _builder_version=&#8221;3.25&#8243; background_blend=&#8221;exclusion&#8221; custom_padding=&#8221;|||&#8221; custom_padding_tablet=&#8221;|||&#8221; custom_padding_phone=&#8221;&#8221; custom_padding_last_edited=&#8221;on|desktop&#8221; padding_tablet=&#8221;|||&#8221; padding_last_edited=&#8221;on|desktop&#8221; custom_padding__hover=&#8221;|||&#8221;][et_pb_text admin_label=&#8221;Diretora MFR \/ BIO&#8221; _builder_version=&#8221;4.4.2&#8243; text_text_color=&#8221;#000000&#8243; header_text_color=&#8221;#00549f&#8221; custom_margin=&#8221;0px|||&#8221; custom_margin_tablet=&#8221;&#8221; custom_margin_phone=&#8221;&#8221; custom_margin_last_edited=&#8221;on|desktop&#8221; custom_padding=&#8221;0px|20px|20px|20px&#8221; custom_padding_tablet=&#8221;|0px||0px&#8221; custom_padding_phone=&#8221;40px|||&#8221; custom_padding_last_edited=&#8221;on|tablet&#8221;]<\/p>\n<h2>Maria de F\u00e1tima Reis<\/h2>\n<p class=\"cargo\">Director<\/p>\n<p>Maria de F\u00e1tima Reis has a PhD in Early Modern History from the University of Lisbon. She is a associate professor at the Faculdade de Letras (School of Arts and Humanities), and a researcher at the Centro de Hist\u00f3ria. She is director of the C\u00e1tedra de Estudos Sefarditas Alberto Benveniste, and director of the Arts and Humanities, and General Studies courses. She is sub-director of the School of Arts and Humanities of the University of Lisbon. She is Secretary General of the Academia Portuguesa de Hist\u00f3ria (Portuguese Academy of History), fellow of the Academia da Marinha (Navy Academy), corresponding member of the Instituto Hist\u00f3rico e Geogr\u00e1fico Brasileiro (Brazilian Historical and Geographic Institute), member of the Scientific Board of the Joaquim Ver\u00edssimo Serr\u00e3o Research Center, and delegate of the Funda\u00e7\u00e3o para a Ci\u00eancia e Tecnologia (Foundation for Science and Technology) at the International Holocaust Remembrance Alliance. Her research is focused on the history of welfare, charity and medicine, and the social history of Sephardic elites and social networks.<\/p>\n<p><a href=\"https:\/\/orcid.org\/0000-0002-2999-2213\" target=\"_blank\" rel=\"noopener noreferrer\">Curriculum Vitae<\/a><\/p>\n<p><a href=\"mailto:fatimareis@letras.ulisboa.pt\">fatimareis@letras.ulisboa.pt<\/a><\/p>\n<p>[\/et_pb_text][\/et_pb_column][\/et_pb_row][et_pb_row column_structure=&#8221;1_2,1_2&#8243; use_custom_gutter=&#8221;on&#8221; make_equal=&#8221;on&#8221; custom_padding_last_edited=&#8221;off|&#8221; _builder_version=&#8221;3.25&#8243; background_position=&#8221;top_left&#8221; max_width=&#8221;850px&#8221; custom_margin=&#8221;|||&#8221; custom_margin_tablet=&#8221;&#8221; custom_margin_phone=&#8221;&#8221; custom_margin_last_edited=&#8221;on|desktop&#8221; custom_padding=&#8221;0|0px|40px|0px|false|false&#8221; border_color_all=&#8221;#d3d3d3&#8243; use_custom_width=&#8221;on&#8221; custom_width_px=&#8221;850px&#8221;][et_pb_column type=&#8221;1_2&#8243; _builder_version=&#8221;3.25&#8243; custom_padding=&#8221;|||&#8221; custom_padding__hover=&#8221;|||&#8221;][et_pb_image src=&#8221;https:\/\/cadernos.catedra-alberto-benveniste.org\/wp-content\/uploads\/2018\/05\/comissao-editorial-Carla-Vieira.jpg&#8221; show_bottom_space=&#8221;off&#8221; force_fullwidth=&#8221;on&#8221; admin_label=&#8221;Carla \/ FOTO 1&#8243; _builder_version=&#8221;3.23&#8243; custom_margin_tablet=&#8221;&#8221; custom_margin_phone=&#8221;|0px||0px&#8221; custom_margin_last_edited=&#8221;on|phone&#8221; custom_padding=&#8221;0px|0px|0px|0px&#8221; custom_padding_tablet=&#8221;&#8221; custom_padding_phone=&#8221;&#8221; custom_padding_last_edited=&#8221;on|desktop&#8221; always_center_on_mobile=&#8221;off&#8221;][\/et_pb_image][\/et_pb_column][et_pb_column type=&#8221;1_2&#8243; _builder_version=&#8221;3.25&#8243; background_blend=&#8221;exclusion&#8221; custom_padding=&#8221;|||&#8221; custom_padding_tablet=&#8221;|||&#8221; custom_padding_phone=&#8221;&#8221; custom_padding_last_edited=&#8221;on|desktop&#8221; padding_tablet=&#8221;|||&#8221; padding_last_edited=&#8221;on|desktop&#8221; custom_padding__hover=&#8221;|||&#8221;][et_pb_text admin_label=&#8221;Carla \/ BIO 1&#8243; _builder_version=&#8221;4.4.2&#8243; text_text_color=&#8221;#000000&#8243; header_text_color=&#8221;#00549f&#8221; custom_margin=&#8221;0px|||&#8221; custom_margin_tablet=&#8221;&#8221; custom_margin_phone=&#8221;&#8221; custom_margin_last_edited=&#8221;on|desktop&#8221; custom_padding=&#8221;0px|20px|20px|20px&#8221; custom_padding_tablet=&#8221;|0px||0px&#8221; custom_padding_phone=&#8221;40px|||&#8221; custom_padding_last_edited=&#8221;on|tablet&#8221;]<\/p>\n<h2>Carla Vieira<\/h2>\n<p>Carla Vieira is a researcher at the C\u00e1tedra de Estudos Sefarditas Alberto Benveniste and at the CHAM \u2013 Center for Humanities of the Faculdade de Ci\u00eancias Sociais e Humanas da Universidade NOVA de Lisboa (NOVA FCSH). She has a PhD in History from the NOVA FCSH (PhD thesis: <em>Uma amarra ao mar e outra \u00e0 terra. Crist\u00e3os-novos no Algarve, 1558-1650<\/em> (Olh\u00e3o, 2018)). At the moment, she is developping the post-doctoral project \u201cNation between Empires. New Christians and Portuguese Jews and the anglo-portuguese alliance (1st half of the 18th century)\u201d. She is the manager of the online platform<em>Nation Between Empires<\/em>. (<span style=\"font-size: 15px;\"><\/span><a href=\"https:\/\/nationbetweenempires.wordpress.com\" target=\"_blank\" rel=\"noopener noreferrer\" style=\"font-size: 15px;\">https:\/\/nationbetweenempires.wordpress.com)<\/a><\/p>\n<p><a href=\"https:\/\/orcid.org\/0000-0002-7632-3776\" target=\"_blank\" rel=\"noopener noreferrer\">Curriculum Vitae<\/a><\/p>\n<p><a href=\"mailto:cccvieira@gmail.com\">cccvieira@gmail.com<\/a><\/p>\n<p>[\/et_pb_text][\/et_pb_column][\/et_pb_row][et_pb_row column_structure=&#8221;1_2,1_2&#8243; use_custom_gutter=&#8221;on&#8221; make_equal=&#8221;on&#8221; custom_padding_last_edited=&#8221;off|&#8221; _builder_version=&#8221;3.25&#8243; background_position=&#8221;top_left&#8221; max_width=&#8221;850px&#8221; custom_margin=&#8221;|||&#8221; custom_margin_tablet=&#8221;&#8221; custom_margin_phone=&#8221;&#8221; custom_margin_last_edited=&#8221;on|desktop&#8221; custom_padding=&#8221;0|0px|40px|0px|false|false&#8221; use_custom_width=&#8221;on&#8221; custom_width_px=&#8221;850px&#8221;][et_pb_column type=&#8221;1_2&#8243; _builder_version=&#8221;3.25&#8243; custom_padding=&#8221;|||&#8221; custom_padding__hover=&#8221;|||&#8221;][et_pb_image src=&#8221;https:\/\/cadernos.catedra-alberto-benveniste.org\/wp-content\/uploads\/2018\/05\/comissao-editorial-Susana-Bastos-Mateus.jpg&#8221; show_bottom_space=&#8221;off&#8221; force_fullwidth=&#8221;on&#8221; admin_label=&#8221;Susana \/ FOTO 2&#8243; _builder_version=&#8221;3.23&#8243; custom_margin_tablet=&#8221;&#8221; custom_margin_phone=&#8221;&#8221; custom_margin_last_edited=&#8221;on|desktop&#8221; always_center_on_mobile=&#8221;off&#8221;][\/et_pb_image][\/et_pb_column][et_pb_column type=&#8221;1_2&#8243; _builder_version=&#8221;3.25&#8243; custom_padding=&#8221;|||&#8221; custom_padding_tablet=&#8221;|||&#8221; custom_padding_phone=&#8221;&#8221; custom_padding_last_edited=&#8221;on|desktop&#8221; padding_tablet=&#8221;|||&#8221; padding_last_edited=&#8221;on|desktop&#8221; custom_padding__hover=&#8221;|||&#8221;][et_pb_text admin_label=&#8221;Susana \/ BIO 2&#8243; _builder_version=&#8221;4.4.2&#8243; text_text_color=&#8221;#000000&#8243; header_text_color=&#8221;#00549f&#8221; custom_margin=&#8221;0px|||&#8221; custom_margin_tablet=&#8221;&#8221; custom_margin_phone=&#8221;&#8221; custom_margin_last_edited=&#8221;on|desktop&#8221; custom_padding=&#8221;0px|20px|20px|20px&#8221; custom_padding_tablet=&#8221;|0px||0px&#8221; custom_padding_phone=&#8221;40px|||&#8221; custom_padding_last_edited=&#8221;on|desktop&#8221;]<\/p>\n<h2>Susana Bastos Mateus<\/h2>\n<p>Susana Bastos Mateus is a researcher at the CIDEHUS of the University of \u00c9vora; and at the C\u00e1tedra de Estudos Sefarditas Alberto Benveniste da Universidade de Lisboa. She is also a member of the CEHR &#8211; Universidade Cat\u00f3lica Portuguesa. She is the co-author (with Paulo Mendes Pinto) of the book <em>Lisboa, 19 de Abril de 1506. O Massacre dos Judeus<\/em> (Lisbon, 2007). With Jaqueline Vassallo e Miguel Rodrigues Louren\u00e7o, she was the editor of the book <em>Inquisiciones: Dimensiones Comparadas<\/em> (C\u00f3rdoba, 2017). Her research is focused on the impact of the forced conversion in the first generations of new Christians, as well as in Sephardic diaspora dynamics in the 16th century.<\/p>\n<p><a href=\"https:\/\/orcid.org\/0000-0001-5350-100X\" target=\"_blank\" rel=\"noopener noreferrer\">Curriculum Vitae<\/a><\/p>\n<p><a href=\"mateus.susana@gmail.com\">mateus.susana@gmail.com <\/a><\/p>\n<p>[\/et_pb_text][\/et_pb_column][\/et_pb_row][et_pb_row column_structure=&#8221;1_2,1_2&#8243; use_custom_gutter=&#8221;on&#8221; make_equal=&#8221;on&#8221; custom_padding_last_edited=&#8221;off|&#8221; _builder_version=&#8221;3.25&#8243; background_position=&#8221;top_left&#8221; max_width=&#8221;850px&#8221; custom_margin=&#8221;|||&#8221; custom_margin_tablet=&#8221;&#8221; custom_margin_phone=&#8221;&#8221; custom_margin_last_edited=&#8221;on|desktop&#8221; custom_padding=&#8221;0|0px|40px|0px|false|false&#8221; use_custom_width=&#8221;on&#8221; custom_width_px=&#8221;850px&#8221;][et_pb_column type=&#8221;1_2&#8243; _builder_version=&#8221;3.25&#8243; custom_padding=&#8221;|||&#8221; custom_padding__hover=&#8221;|||&#8221;][et_pb_image src=&#8221;https:\/\/cadernos.catedra-alberto-benveniste.org\/wp-content\/uploads\/2018\/05\/comissao-editorial-Miguel-Rodrigues-Lourenco.jpg&#8221; show_bottom_space=&#8221;off&#8221; admin_label=&#8221;Miguel \/ FOTO 3&#8243; _builder_version=&#8221;3.23&#8243; custom_margin_tablet=&#8221;&#8221; custom_margin_phone=&#8221;&#8221; custom_margin_last_edited=&#8221;on|desktop&#8221; always_center_on_mobile=&#8221;off&#8221;][\/et_pb_image][\/et_pb_column][et_pb_column type=&#8221;1_2&#8243; _builder_version=&#8221;3.25&#8243; custom_padding=&#8221;|||&#8221; custom_padding_tablet=&#8221;|||&#8221; custom_padding_phone=&#8221;&#8221; custom_padding_last_edited=&#8221;on|desktop&#8221; padding_tablet=&#8221;|||&#8221; padding_last_edited=&#8221;on|desktop&#8221; custom_padding__hover=&#8221;|||&#8221;][et_pb_text admin_label=&#8221;Miguel \/ BIO 3&#8243; _builder_version=&#8221;4.4.2&#8243; text_text_color=&#8221;#000000&#8243; header_text_color=&#8221;#00549f&#8221; custom_margin=&#8221;0px|||&#8221; custom_margin_tablet=&#8221;|||&#8221; custom_margin_phone=&#8221;&#8221; custom_margin_last_edited=&#8221;on|desktop&#8221; custom_padding=&#8221;0px|20px|20px|20px&#8221; custom_padding_tablet=&#8221;|0px||0px&#8221; custom_padding_phone=&#8221;40px|||&#8221; custom_padding_last_edited=&#8221;on|desktop&#8221;]<\/p>\n<h2>Miguel Rodrigues Louren\u00e7o<\/h2>\n<p>Miguel Rodrigues Louren\u00e7o is a researcher at the CHAM &#8211; Center for Humanities (Universidade Nova de Lisboa); at the CEHR-Universidade Cat\u00f3lica Portuguesa, and at the C\u00e1tedra de Estudos Sefarditas Alberto Benveniste (Universidade de Lisboa). He is<em>Visiting Professor<\/em>at the University of Saint Joseph- USJ (Macau). His area of \u200b\u200bexpertise is the history of Macao and the Philippines in the 16th and 17th centuries, with special focus on the presence and activities of the Inquisition in these territories. He is the author of the book <em>A Articula\u00e7\u00e3o da Periferia. Macau e a Inquisi\u00e7\u00e3o de Goa publicado pelo Centro Cient\u00edfico e Cultural de Macau e pela Funda\u00e7\u00e3o Macau<\/em> (Lisbon &#8211; Macau, 2016).<\/p>\n<p><a href=\"https:\/\/orcid.org\/0000-0002-0432-3240\" target=\"_blank\" rel=\"noopener noreferrer\">Curriculum Vitae<\/a><\/p>\n<p><a href=\"mjlour@gmail.com\">mjlour@gmail.com<\/a><\/p>\n<p>[\/et_pb_text][\/et_pb_column][\/et_pb_row][\/et_pb_section]<\/p>\n","protected":false},"excerpt":{"rendered":"<p>Editorial board The editorial board is composed of the Director of the C\u00e1tedra de Estudos Sefarditas Alberto Benveniste (Center for Sephardic Studies Alberto Benveniste) and three editors, who are responsible for the first selection of the journal content, the definition of its structure and the monitoring of the evaluation process of the submitted papers. The [&hellip;]<\/p>\n","protected":false},"author":1,"featured_media":0,"parent":28721,"menu_order":0,"comment_status":"closed","ping_status":"closed","template":"","meta":{"_et_pb_use_builder":"on","_et_pb_old_content":"","_et_gb_content_width":"","footnotes":""},"class_list":["post-28790","page","type-page","status-publish","hentry"],"_links":{"self":[{"href":"https:\/\/cadernos.catedra-alberto-benveniste.org\/en\/wp-json\/wp\/v2\/pages\/28790","targetHints":{"allow":["GET"]}}],"collection":[{"href":"https:\/\/cadernos.catedra-alberto-benveniste.org\/en\/wp-json\/wp\/v2\/pages"}],"about":[{"href":"https:\/\/cadernos.catedra-alberto-benveniste.org\/en\/wp-json\/wp\/v2\/types\/page"}],"author":[{"embeddable":true,"href":"https:\/\/cadernos.catedra-alberto-benveniste.org\/en\/wp-json\/wp\/v2\/users\/1"}],"replies":[{"embeddable":true,"href":"https:\/\/cadernos.catedra-alberto-benveniste.org\/en\/wp-json\/wp\/v2\/comments?post=28790"}],"version-history":[{"count":11,"href":"https:\/\/cadernos.catedra-alberto-benveniste.org\/en\/wp-json\/wp\/v2\/pages\/28790\/revisions"}],"predecessor-version":[{"id":29170,"href":"https:\/\/cadernos.catedra-alberto-benveniste.org\/en\/wp-json\/wp\/v2\/pages\/28790\/revisions\/29170"}],"up":[{"embeddable":true,"href":"https:\/\/cadernos.catedra-alberto-benveniste.org\/en\/wp-json\/wp\/v2\/pages\/28721"}],"wp:attachment":[{"href":"https:\/\/cadernos.catedra-alberto-benveniste.org\/en\/wp-json\/wp\/v2\/media?parent=28790"}],"curies":[{"name":"wp","href":"https:\/\/api.w.org\/{rel}","templated":true}]}}