{"id":29398,"date":"2020-08-14T15:45:14","date_gmt":"2020-08-14T15:45:14","guid":{"rendered":"http:\/\/cadernos.catedra-alberto-benveniste.org\/project\/n-o-22-1-o-semestre-2020\/"},"modified":"2020-08-17T14:15:16","modified_gmt":"2020-08-17T14:15:16","slug":"no22-1st-semester-2020","status":"publish","type":"project","link":"https:\/\/cadernos.catedra-alberto-benveniste.org\/en\/project\/no22-1st-semester-2020\/","title":{"rendered":"No. 22 \/ 1st semester 2020"},"content":{"rendered":"<p>[et_pb_section fb_built=&#8221;1&#8243; _builder_version=&#8221;3.22&#8243; use_background_color_gradient=&#8221;on&#8221; background_color_gradient_start=&#8221;#e0e0e0&#8243; background_color_gradient_end=&#8221;#ffffff&#8221; background_color_gradient_direction=&#8221;177deg&#8221; background_color_gradient_end_position=&#8221;82%&#8221; custom_padding=&#8221;54px||0|&#8221;][et_pb_row column_structure=&#8221;1_4,3_4&#8243; make_equal=&#8221;on&#8221; _builder_version=&#8221;3.25&#8243; background_size=&#8221;initial&#8221; background_position=&#8221;top_left&#8221; background_repeat=&#8221;repeat&#8221; custom_padding=&#8221;20px|0px|30px|0px&#8221;][et_pb_column type=&#8221;1_4&#8243; _builder_version=&#8221;3.25&#8243; custom_padding=&#8221;|||&#8221; custom_padding__hover=&#8221;|||&#8221;][et_pb_text admin_label=&#8221;Cadernos Estudos Sefarditas (ano de edi\u00e7\u00e3o)&#8221; _builder_version=&#8221;4.4.2&#8243; text_font=&#8221;|||on|||||&#8221; text_font_size=&#8221;12px&#8221; text_letter_spacing=&#8221;1px&#8221; custom_margin=&#8221;-30px|||&#8221; custom_padding=&#8221;|||&#8221;]<\/p>\n<h4>Cadernos de Estudos Sefarditas<\/h4>\n<p>1st semester 2020<\/p>\n<p>[\/et_pb_text][\/et_pb_column][et_pb_column type=&#8221;3_4&#8243; _builder_version=&#8221;3.25&#8243; custom_padding=&#8221;|||&#8221; custom_padding__hover=&#8221;|||&#8221;][et_pb_text admin_label=&#8221;N\u00famero&#8221; _builder_version=&#8221;3.27.4&#8243; header_font=&#8221;|300|||||||&#8221; header_font_size=&#8221;100px&#8221; custom_margin=&#8221;-30px|||&#8221;]<\/p>\n<h1>22<\/h1>\n<p>[\/et_pb_text][\/et_pb_column][\/et_pb_row][\/et_pb_section][et_pb_section fb_built=&#8221;1&#8243; _builder_version=&#8221;3.22&#8243; custom_padding=&#8221;0|0|54px|0px&#8221;][et_pb_row column_structure=&#8221;1_4,1_2,1_4&#8243; _builder_version=&#8221;3.25&#8243; background_size=&#8221;initial&#8221; background_position=&#8221;top_left&#8221; background_repeat=&#8221;repeat&#8221;][et_pb_column type=&#8221;1_4&#8243; _builder_version=&#8221;3.25&#8243; custom_padding=&#8221;|||&#8221; custom_padding__hover=&#8221;|||&#8221;][et_pb_image src=&#8221;https:\/\/cadernos.catedra-alberto-benveniste.org\/wp-content\/uploads\/2020\/08\/numeros-anteriores-n22.jpg&#8221; show_in_lightbox=&#8221;on&#8221; admin_label=&#8221;Capa&#8221; _builder_version=&#8221;4.4.2&#8243; max_width=&#8221;90%&#8221; max_width_tablet=&#8221;50%&#8221; max_width_phone=&#8221;&#8221; max_width_last_edited=&#8221;on|desktop&#8221; custom_margin=&#8221;|||&#8221; custom_padding=&#8221;|||&#8221; box_shadow_style=&#8221;preset1&#8243; box_shadow_color=&#8221;rgba(0,0,0,0.2)&#8221; always_center_on_mobile=&#8221;off&#8221;]<\/p>\n<p>[\/et_pb_image][et_pb_text _builder_version=&#8221;3.27.4&#8243;]<\/p>\n<p>ISSN: 1645-1910<\/p>\n<p>[\/et_pb_text][\/et_pb_column][et_pb_column type=&#8221;1_2&#8243; _builder_version=&#8221;3.25&#8243; custom_padding=&#8221;|||&#8221; custom_padding__hover=&#8221;|||&#8221;][et_pb_text admin_label=&#8221;Text&#8221; _builder_version=&#8221;3.27.4&#8243; custom_margin=&#8221;-30px|||&#8221; custom_padding=&#8221;0px|||&#8221;]<\/p>\n<h2>Part I: Articles<\/h2>\n<h5>Fran\u00e7ois Soyer (University of New England, Armidale) \u2013 The Blood Libel in Illustrated Books and Comics for Children in Twentieth-Century Spain<\/h5>\n<p><span class=\"ref-bibliografica\">Cadernos de Estudos Sefarditas 22 (2020): 11-53<\/span><\/p>\n<p class=\"palavras-chave-header\">keywords<\/p>\n<p class=\"palavras-chave\">Blood Libel; Jews; Spain; Antisemitism; child literature<\/p>\n<p>[\/et_pb_text][et_pb_toggle title=&#8221;abstract&#8221; open_toggle_text_color=&#8221;#000000&#8243; open_toggle_background_color=&#8221;#ffffff&#8221; closed_toggle_text_color=&#8221;#000000&#8243; closed_toggle_background_color=&#8221;#ffffff&#8221; icon_color=&#8221;#b2b2b2&#8243; admin_label=&#8221;Toggle&#8221; _builder_version=&#8221;4.4.2&#8243; title_text_color=&#8221;#6b6b6b&#8221; title_level=&#8221;h6&#8243; title_font=&#8221;|600||on|||||&#8221; title_font_size=&#8221;12&#8243; title_letter_spacing=&#8221;1px&#8221; body_font=&#8221;Open Sans||||&#8221; body_text_color=&#8221;#666666&#8243; use_background_color_gradient=&#8221;on&#8221; background_color_gradient_start=&#8221;#ffffff&#8221; background_color_gradient_end=&#8221;#f9f9f9&#8243; background_color_gradient_start_position=&#8221;20%&#8221; background_size=&#8221;initial&#8221; background_position=&#8221;top_left&#8221; background_repeat=&#8221;repeat&#8221; custom_padding=&#8221;10px|10px|10px|10px&#8221; title_font_size_last_edited=&#8221;off|desktop&#8221; custom_css_toggle_icon=&#8221;font-size:20px;||&#8221; border_width_all=&#8221;0px&#8221; border_color_all=&#8221;#f7f7f7&#8243; border_color_top=&#8221;#d1d1d1&#8243; border_width_bottom=&#8221;1px&#8221; border_color_bottom=&#8221;#b2b2b2&#8243; use_border_color=&#8221;on&#8221;]<\/p>\n<p>This article explores the representation of the Antisemitic libel that Jews ritually murder Christian children in illustrated books and comics for children that were published in twentieth-century Spain. Focusing on the stories of Dominguito de Val and the Holy Child of La Guardia, it examines why both these two medieval \u2018boy martyrs\u2019 whom the Jews were accused of murdering became the subjects of literature for children in the twentieth century as well as the messages that these works wanted to inculcate in their young readers and what they reveal about the survival of this Antisemitic legend in Spanish society and culture. The stories of Dominguito and the Holy Child of La Guardia were frequently recast in the nineteenth and twentieth centuries to fit into the more common Blood Libel narrative in which the Jews were accused of consuming Christian blood. Moreover, the Jews themselves were adapted to represent not only quintessential \u2018others\u2019 as opponents of Christianity but also opponents of \u2018Hispanicity\u2019 (Hispanidad) during the years of the Franco dictatorship.   <\/p>\n<p>[\/et_pb_toggle][et_pb_text admin_label=&#8221;Text&#8221; _builder_version=&#8221;4.4.2&#8243; custom_margin=&#8221;-30px|||&#8221; custom_padding=&#8221;0px|||&#8221;]<\/p>\n<h2><\/h2>\n<h5>Elissa Pereira (Universidade Federal do Rio de Janeiro) \u2013 Mercantile Mobilities among New Christians: Rio de Janeiro, 1710-1750<\/h5>\n<p><span class=\"ref-bibliografica\">Cadernos de Estudos Sefarditas 22 (2020): 55-90<\/span><\/p>\n<p class=\"palavras-chave-header\">keywords<\/p>\n<p class=\"palavras-chave\">Social mobility; blood purity statutes; New Christians; Portuguese Inquisition<\/p>\n<p>[\/et_pb_text][et_pb_toggle title=&#8221;abstract&#8221; open_toggle_text_color=&#8221;#000000&#8243; open_toggle_background_color=&#8221;#ffffff&#8221; closed_toggle_text_color=&#8221;#000000&#8243; closed_toggle_background_color=&#8221;#ffffff&#8221; icon_color=&#8221;#b2b2b2&#8243; admin_label=&#8221;Toggle&#8221; _builder_version=&#8221;4.4.2&#8243; title_text_color=&#8221;#6b6b6b&#8221; title_level=&#8221;h6&#8243; title_font=&#8221;|600||on|||||&#8221; title_font_size=&#8221;12&#8243; title_letter_spacing=&#8221;1px&#8221; body_font=&#8221;Open Sans||||&#8221; body_text_color=&#8221;#666666&#8243; use_background_color_gradient=&#8221;on&#8221; background_color_gradient_start=&#8221;#ffffff&#8221; background_color_gradient_end=&#8221;#f9f9f9&#8243; background_color_gradient_start_position=&#8221;20%&#8221; background_size=&#8221;initial&#8221; background_position=&#8221;top_left&#8221; background_repeat=&#8221;repeat&#8221; custom_padding=&#8221;10px|10px|10px|10px&#8221; title_font_size_last_edited=&#8221;off|desktop&#8221; custom_css_toggle_icon=&#8221;font-size:20px;||&#8221; border_width_all=&#8221;0px&#8221; border_color_all=&#8221;#f7f7f7&#8243; border_color_top=&#8221;#d1d1d1&#8243; border_width_bottom=&#8221;1px&#8221; border_color_bottom=&#8221;#b2b2b2&#8243; use_border_color=&#8221;on&#8221;]<\/p>\n<p>In this paper, we consider the hypothesis that some New Christians reached upward social mobility through commerce, by calculated market strategies, since social mobility through ecclesiastical orders was unlikely in a society constrained by the purity of blood statutes. The objective is also to understand how the social ascension of a merchant minority took place in a society of the Ancien R\u00e9gime, delineated by systems of stratification. From the analysis of their commercial activities (credit market operations, guarantees of vessel and d\u00edzimos\u2019 (tithing) contracts), we show some of the possibilities available to New Christians regarding the accumulation of capital and the transformation of their wealth into mechanisms of social mobility. Finally, research indicates that some New Christians had managed to insert themselves into high hierarchical positions within the credit and naval markets. It comprises the period between 1710, marked by Rio de Janeiro\u2019s population increase, and 1750.    <\/p>\n<p>[\/et_pb_toggle][et_pb_text admin_label=&#8221;Text&#8221; _builder_version=&#8221;4.4.2&#8243; custom_margin=&#8221;-30px|||&#8221; custom_padding=&#8221;0px|||&#8221;]<\/p>\n<h2><\/h2>\n<h5>Luis Gil Fern\u00e1ndez (Universidad Complutense de Madrid) \u2013 Math\u00edas Bicudo Folgado to Pius V and to Don Juan de Austria, on how to make the most of Lepanto\u2019s victory through military and diplomatic means<\/h5>\n<p>Cadernos de Estudos Sefarditas 22 (2020): 91-111<\/p>\n<p class=\"palavras-chave-header\">keywords<\/p>\n<p class=\"palavras-chave\">P\u00edo V; Gregorio XIII; Girolamo Rusticucci; Ab\u00fa Rixa.<\/p>\n<p>&nbsp;<\/p>\n<p>[\/et_pb_text][et_pb_toggle title=&#8221;resumen&#8221; open_toggle_text_color=&#8221;#000000&#8243; open_toggle_background_color=&#8221;#ffffff&#8221; closed_toggle_text_color=&#8221;#000000&#8243; closed_toggle_background_color=&#8221;#ffffff&#8221; icon_color=&#8221;#b2b2b2&#8243; admin_label=&#8221;Toggle&#8221; _builder_version=&#8221;4.4.2&#8243; title_text_color=&#8221;#6b6b6b&#8221; title_level=&#8221;h6&#8243; title_font=&#8221;|600||on|||||&#8221; title_font_size=&#8221;12&#8243; title_letter_spacing=&#8221;1px&#8221; body_font=&#8221;Open Sans||||&#8221; body_text_color=&#8221;#666666&#8243; use_background_color_gradient=&#8221;on&#8221; background_color_gradient_start=&#8221;#ffffff&#8221; background_color_gradient_end=&#8221;#f9f9f9&#8243; background_color_gradient_start_position=&#8221;20%&#8221; background_size=&#8221;initial&#8221; background_position=&#8221;top_left&#8221; background_repeat=&#8221;repeat&#8221; custom_padding=&#8221;10px|10px|10px|10px&#8221; title_font_size_last_edited=&#8221;off|desktop&#8221; custom_css_toggle_icon=&#8221;font-size:20px;||&#8221; border_width_all=&#8221;0px&#8221; border_color_all=&#8221;#f7f7f7&#8243; border_color_top=&#8221;#d1d1d1&#8243; border_width_bottom=&#8221;1px&#8221; border_color_bottom=&#8221;#b2b2b2&#8243; use_border_color=&#8221;on&#8221;]<\/p>\n<p>One month after the triumph in Lepanto, Bicudo proposes Pius V, as the first option, to enter the Dardanelles until Constantinople with the Holy League\u2019s vessels, taking advantage of the surprise factor and the destruction of the enemy fleet. As second option, on the one hand, to occupy the islands of Lesbos and Tenedos in order to put an end to the Turkish trade thanks to the control of the Dardanelles, and, on the other, to seize Alexandria and Aleppo, relying on the desire of the Christian minorities and the Arabs of Egypt and Syria to shake off the Ottoman yoke. Pius V wanted Bicudo to take a papal brief to the shah of Persia encouraging him to attack the Great Sultan defeated in Lepanto, but Bicudo convinced him that it was preferable to entrust this mission to an ambassador of the king of Portugal. It was ultimately owing to Bicudo, therefore, that the embassy of Miguel Dabreu de Lima to the shah Tahmasp took place in 1572. Together with the message of King Don Sebastian this embassy also carried those of Pius V and Philip II. In the document addressed to Don Juan of Austria, Bicudo advised him to notify the Iranian monarch the great victory by means of a letter from him, another from the Portuguese ambassador in Rome, and a papal brief from Gregory XIII, making him aware that he had been already informed by a previous embassy not only of this victory, but also of the desire of the kings of Spain and Portugal to befriend him. But he did not know whether or not that embassy had reached its destination.     <\/p>\n<p>[\/et_pb_toggle][et_pb_text admin_label=&#8221;Text&#8221; _builder_version=&#8221;4.4.2&#8243; custom_margin=&#8221;-30px|||&#8221; custom_padding=&#8221;0px|||&#8221;]<\/p>\n<h2> <\/h2>\n<h2> <\/h2>\n<h2>Part II: Chronicles<\/h2>\n<h5>Ant\u00f3nio M. L. Andrade (CLLC\/DLC, Universidade de Aveiro) \u2013 II International Congress \u201cDi\u00e1logos Luso- Sefarditas\u201d. Museu de Aveiro \u2013 Santa Joana, 12-13 December 2019<\/h5>\n<p><span class=\"ref-bibliografica\">Cadernos de Estudos Sefarditas 22 (2020): 115-117<\/span><\/p>\n<p>[\/et_pb_text][et_pb_text admin_label=&#8221;Text&#8221; _builder_version=&#8221;4.4.2&#8243; custom_margin=&#8221;-30px|||&#8221; custom_padding=&#8221;0px|||&#8221;]<\/p>\n<h2><\/h2>\n<h5>Angelo Adriano Faria de Assis (Universidade Federal de Vi\u00e7osa; CESAB-FLUL) e Susana Bastos Mateus (CESAB-FLUL; CIDEHUS-U\u00c9) \u2013 International Workshop \u201cInquisi\u00e7\u00e3o e novas intoler\u00e2ncias. Formas de repress\u00e3o e de resist\u00eancia ao longo da hist\u00f3ria\u201d. Lisboa, 18 December 2019<\/h5>\n<p><span class=\"ref-bibliografica\">Cadernos de Estudos Sefarditas 22 (2020): 119-121<\/span><\/p>\n<p>[\/et_pb_text][et_pb_text admin_label=&#8221;Text&#8221; _builder_version=&#8221;4.4.2&#8243; custom_margin=&#8221;-30px|||&#8221; custom_padding=&#8221;0px|||&#8221;]<\/p>\n<h2><\/h2>\n<h2><\/h2>\n<h2>Part III: Reviews<\/h2>\n<h5>Angelo Adriano Faria de Assis (Universidade Federal de Vi\u00e7osa) \u2013 Abraham Gross, Adina Moryosef e Jack Cohen, ed., Iberian New Christians and Their Descendants (Newcastle upon Tyne: Cambrigde Scholars Publishing, 2019)<\/h5>\n<p><span style=\"font-size: 10pt\"><span class=\"ref-bibliografica\">Cadernos de Estudos Sefarditas 22 (2020): 125-131<\/span><\/span><\/p>\n<p class=\"palavras-chave\">\n<p>[\/et_pb_text][et_pb_text admin_label=&#8221;Text&#8221; _builder_version=&#8221;4.4.2&#8243; custom_margin=&#8221;-30px|||&#8221; custom_padding=&#8221;0px|||&#8221;]<\/p>\n<h2><\/h2>\n<h5>Susana Bastos Mateus (CESAB-FLUL; CIDEHUS-U\u00c9) \u2013 Carsten Wilke, ed., Isaac Orobio. The Jewish Argument with Dogma and Doubt (Berlim: De Gruyter, 2018)<\/h5>\n<p><span class=\"ref-bibliografica\">Cadernos de Estudos Sefarditas 22 (2020): 131-135<\/span><\/p>\n<p>[\/et_pb_text][et_pb_text admin_label=&#8221;Text&#8221; _builder_version=&#8221;4.4.2&#8243; custom_margin=&#8221;-30px|||&#8221; custom_padding=&#8221;0px|||&#8221;]<\/p>\n<h2><\/h2>\n<h5>Carla Vieira (CHAM-NOVA FCSH; CESAB-FLUL) \u2013 Yda Schreuder, Amsterdam\u2019s Sephardic Merchants and the Atlantic Sugar Trade in the Seventeenth Century (London: Palgrave Macmillan, 2019)<\/h5>\n<p><span class=\"ref-bibliografica\">Cadernos de Estudos Sefarditas 22 (2020): 135-140<\/span><\/p>\n<p>[\/et_pb_text][\/et_pb_column][et_pb_column type=&#8221;1_4&#8243; _builder_version=&#8221;3.25&#8243; custom_padding=&#8221;|||&#8221; custom_padding__hover=&#8221;|||&#8221;][et_pb_sidebar area=&#8221;et_pb_widget_area_3&#8243; show_border=&#8221;off&#8221; admin_label=&#8221;numeros anteriores Sidebar&#8221; _builder_version=&#8221;4.4.2&#8243; header_font=&#8221;||||||||&#8221; custom_margin=&#8221;-20|||&#8221; custom_padding=&#8221;|||&#8221; global_module=&#8221;820&#8243; saved_tabs=&#8221;all&#8221;][\/et_pb_sidebar][\/et_pb_column][\/et_pb_row][\/et_pb_section]<\/p>\n","protected":false},"excerpt":{"rendered":"<p>Cadernos de Estudos Sefarditas 1st semester 202022 ISSN: 1645-1910Part I: Articles Fran\u00e7ois Soyer (University of New England, Armidale) \u2013 The Blood Libel in Illustrated Books and Comics for Children in Twentieth-Century Spain Cadernos de Estudos Sefarditas 22 (2020): 11-53 keywords Blood Libel; Jews; Spain; Antisemitism; child literatureThis article explores the representation of the Antisemitic libel [&hellip;]<\/p>\n","protected":false},"author":1,"featured_media":29378,"comment_status":"closed","ping_status":"closed","template":"","meta":{"_et_pb_use_builder":"on","_et_pb_old_content":"","_et_gb_content_width":"","footnotes":""},"project_category":[57],"project_tag":[],"class_list":["post-29398","project","type-project","status-publish","has-post-thumbnail","hentry","project_category-2020-en"],"_links":{"self":[{"href":"https:\/\/cadernos.catedra-alberto-benveniste.org\/en\/wp-json\/wp\/v2\/project\/29398","targetHints":{"allow":["GET"]}}],"collection":[{"href":"https:\/\/cadernos.catedra-alberto-benveniste.org\/en\/wp-json\/wp\/v2\/project"}],"about":[{"href":"https:\/\/cadernos.catedra-alberto-benveniste.org\/en\/wp-json\/wp\/v2\/types\/project"}],"author":[{"embeddable":true,"href":"https:\/\/cadernos.catedra-alberto-benveniste.org\/en\/wp-json\/wp\/v2\/users\/1"}],"replies":[{"embeddable":true,"href":"https:\/\/cadernos.catedra-alberto-benveniste.org\/en\/wp-json\/wp\/v2\/comments?post=29398"}],"version-history":[{"count":10,"href":"https:\/\/cadernos.catedra-alberto-benveniste.org\/en\/wp-json\/wp\/v2\/project\/29398\/revisions"}],"predecessor-version":[{"id":29415,"href":"https:\/\/cadernos.catedra-alberto-benveniste.org\/en\/wp-json\/wp\/v2\/project\/29398\/revisions\/29415"}],"wp:featuredmedia":[{"embeddable":true,"href":"https:\/\/cadernos.catedra-alberto-benveniste.org\/en\/wp-json\/wp\/v2\/media\/29378"}],"wp:attachment":[{"href":"https:\/\/cadernos.catedra-alberto-benveniste.org\/en\/wp-json\/wp\/v2\/media?parent=29398"}],"wp:term":[{"taxonomy":"project_category","embeddable":true,"href":"https:\/\/cadernos.catedra-alberto-benveniste.org\/en\/wp-json\/wp\/v2\/project_category?post=29398"},{"taxonomy":"project_tag","embeddable":true,"href":"https:\/\/cadernos.catedra-alberto-benveniste.org\/en\/wp-json\/wp\/v2\/project_tag?post=29398"}],"curies":[{"name":"wp","href":"https:\/\/api.w.org\/{rel}","templated":true}]}}